{"id":95,"date":"2021-09-16T22:56:43","date_gmt":"2021-09-16T22:56:43","guid":{"rendered":"http:\/\/zsgrochowce.webd.pl\/?page_id=95"},"modified":"2021-09-23T22:02:45","modified_gmt":"2021-09-23T22:02:45","slug":"patron","status":"publish","type":"page","link":"http:\/\/zsgrochowce.webd.pl\/index.php\/patron\/","title":{"rendered":"Patron"},"content":{"rendered":"\n<p>Patron naszej szko\u0142y- rotmistrz Witold Pilecki- zosta\u0142 uznany za jednego z najodwa\u017cniejszych ludzi II wojny \u015bwiatowej. Dzi\u0119ki swej bohaterskiej postawie zas\u0142u\u017cy\u0142 na nie\u015bmiertelno\u015b\u0107. Potrafi\u0142 \u201ezachowa\u0107 si\u0119\u201d, przez co wci\u0105\u017c \u017cyje w naszych sercach i pami\u0119ci.<\/p>\n\n\n\n<figure class=\"wp-block-gallery columns-1\"><ul class=\"blocks-gallery-grid\"><li class=\"blocks-gallery-item\"><figure><img loading=\"lazy\" width=\"547\" height=\"800\" src=\"http:\/\/zsgrochowce.webd.pl\/wp-content\/uploads\/2021\/09\/witold-pilecki-1.jpg\" alt=\"\" data-id=\"274\" data-full-url=\"http:\/\/zsgrochowce.webd.pl\/wp-content\/uploads\/2021\/09\/witold-pilecki-1.jpg\" data-link=\"http:\/\/zsgrochowce.webd.pl\/index.php\/patron\/witold-pilecki-1\/\" class=\"wp-image-274\" srcset=\"http:\/\/zsgrochowce.webd.pl\/wp-content\/uploads\/2021\/09\/witold-pilecki-1.jpg 547w, http:\/\/zsgrochowce.webd.pl\/wp-content\/uploads\/2021\/09\/witold-pilecki-1-205x300.jpg 205w, http:\/\/zsgrochowce.webd.pl\/wp-content\/uploads\/2021\/09\/witold-pilecki-1-185x270.jpg 185w\" sizes=\"(max-width: 547px) 100vw, 547px\" \/><\/figure><\/li><\/ul><\/figure>\n\n\n\n<p>Urodzi\u0142 si\u0119 w O\u0142o\u0144cu na Wile\u0144szczy\u017anie13 maja 1901r. Jego ojciec- Julian Pilecki pracowa\u0142 jako rewizor le\u015bny. Matka- Ludwika dba\u0142a o dom i rodzin\u0119. To ona czyta\u0142a swoim dzieciom legendy z \u201eBajarza polskiego\u201d, rozpalaj\u0105c dzieci\u0119c\u0105 wyobra\u017ani\u0119. Ona te\u017c organizowa\u0142a spotkania towarzyskie, w trakcie kt\u00f3rych czytano polsk\u0105 literatur\u0119 \u201eku pokrzepieniu serc\u201d. Zapewne to dom rodzinny, ostoja polsko\u015bci, mia\u0142 wp\u0142yw na p\u00f3\u017aniejsze postawy Witolda Pileckiego.<\/p>\n\n\n\n<p>Spo\u0142ecznie zacz\u0105\u0142 pracowa\u0107 wst\u0119puj\u0105c w 1914 roku do konspiracyjnego w\u00f3wczas Zwi\u0105zku Harcerstwa Polskiego. Jako 18- latek walczy\u0142 o Wilno a w 1920 roku bra\u0142 udzia\u0142 w Bitwie Warszawskiej. W 1939 roku broni\u0142 Polski przed nazistami. A\u017c wreszcie we wrze\u015bniu 1940 roku, podczas \u0142apanki, pozwoli\u0142 si\u0119 aresztowa\u0107 i zosta\u0142 przewieziony do obozu koncentracyjnego w Auschwitz. Nie by\u0142 to przypadek, lecz jego \u015bwiadomy wyb\u00f3r. Chcia\u0142 wej\u015b\u0107 do piek\u0142a i opowiedzie\u0107 o nim \u015bwiatu. O masowym mordowaniu ludzi \u015bwiat dowiedzia\u0142 si\u0119 dzi\u0119ki raportom Pileckiego.<\/p>\n\n\n\n<p>Z obozu zdo\u0142a\u0142 uciec. Od kary \u015bmierci, niestety nie. 8 maja 1947 roku zosta\u0142 aresztowany przez komunist\u00f3w. By\u0142 torturowany i oskar\u017cony o dzia\u0142alno\u015b\u0107 wywiadowcz\u0105 na rzecz rz\u0105du RP na emigracji. W rozmowie z \u017con\u0105 podczas ostatniego widzenia w wi\u0119zieniu powiedzia\u0142: \u201eBo O\u015bwi\u0119cim przy nich to by\u0142a igraszka\u2026\u201d\u00a0\u00a0\u00a0\u00a0\u00a0\u00a0\u00a0\u00a0\u00a0\u00a0\u00a0\u00a0\u00a0\u00a0\u00a0\u00a0\u00a0\u00a0\u00a0\u00a0\u00a0\u00a0\u00a0\u00a0\u00a0\u00a0\u00a0\u00a0\u00a0\u00a0\u00a0\u00a0\u00a0\u00a0\u00a0\u00a0\u00a0\u00a0\u00a0\u00a0\u00a0\u00a0\u00a0\u00a0\u00a0\u00a0\u00a0\u00a0\u00a0\u00a0\u00a0\u00a0\u00a0\u00a0\u00a0\u00a0\u00a0\u00a0\u00a0\u00a0\u00a0\u00a0\u00a0\u00a0\u00a0\u00a0\u00a0\u00a0\u00a0\u00a0\u00a0\u00a0\u00a0\u00a0\u00a0 <\/p>\n\n\n\n<p>15 marca 1948 roku rotmistrz zosta\u0142 skazany na kar\u0119 \u015bmierci. Prezydent Boles\u0142aw Bierut nie zgodzi\u0142 si\u0119 na u\u0142askawienie. Wyrok wykonano 25 maja 1948 roku w wi\u0119zieniu mokotowskim przy ul. Rakowieckiej w Warszawie poprzez strza\u0142 w ty\u0142 g\u0142owy. Witold Pilecki pozostawi\u0142 \u017con\u0119, c\u00f3rk\u0119 i syna.<\/p>\n\n\n\n<p>Jego s\u0142owa: \u201ePrzez ca\u0142e \u017cycie pracowa\u0142em dla Polski\u201d. Stara\u0142em si\u0119 tak \u017cy\u0107, abym w godzinie \u015bmierci m\u00f3g\u0142 si\u0119 raczej cieszy\u0107, ni\u017c l\u0119ka\u0107\u201d, niech b\u0119d\u0105 dla nas nauk\u0105.<\/p>\n","protected":false},"excerpt":{"rendered":"<p>Patron naszej szko\u0142y- rotmistrz Witold Pilecki- zosta\u0142 uznany za jednego z najodwa\u017cniejszych ludzi II wojny \u015bwiatowej. Dzi\u0119ki swej bohaterskiej postawie zas\u0142u\u017cy\u0142 na nie\u015bmiertelno\u015b\u0107. Potrafi\u0142 \u201ezachowa\u0107 si\u0119\u201d, przez co wci\u0105\u017c \u017cyje w naszych sercach i pami\u0119ci. Urodzi\u0142 si\u0119 w O\u0142o\u0144cu na <a href=\"http:\/\/zsgrochowce.webd.pl\/index.php\/patron\/\" class=\"read-more\">Read More &#8230;<\/a><\/p>\n","protected":false},"author":1,"featured_media":0,"parent":0,"menu_order":0,"comment_status":"closed","ping_status":"closed","template":"","meta":[],"_links":{"self":[{"href":"http:\/\/zsgrochowce.webd.pl\/index.php\/wp-json\/wp\/v2\/pages\/95"}],"collection":[{"href":"http:\/\/zsgrochowce.webd.pl\/index.php\/wp-json\/wp\/v2\/pages"}],"about":[{"href":"http:\/\/zsgrochowce.webd.pl\/index.php\/wp-json\/wp\/v2\/types\/page"}],"author":[{"embeddable":true,"href":"http:\/\/zsgrochowce.webd.pl\/index.php\/wp-json\/wp\/v2\/users\/1"}],"replies":[{"embeddable":true,"href":"http:\/\/zsgrochowce.webd.pl\/index.php\/wp-json\/wp\/v2\/comments?post=95"}],"version-history":[{"count":2,"href":"http:\/\/zsgrochowce.webd.pl\/index.php\/wp-json\/wp\/v2\/pages\/95\/revisions"}],"predecessor-version":[{"id":275,"href":"http:\/\/zsgrochowce.webd.pl\/index.php\/wp-json\/wp\/v2\/pages\/95\/revisions\/275"}],"wp:attachment":[{"href":"http:\/\/zsgrochowce.webd.pl\/index.php\/wp-json\/wp\/v2\/media?parent=95"}],"curies":[{"name":"wp","href":"https:\/\/api.w.org\/{rel}","templated":true}]}}